{"id":31200,"date":"2026-08-31T12:40:43","date_gmt":"2026-08-31T09:40:43","guid":{"rendered":"https:\/\/funky.ong\/?page_id=31200"},"modified":"2026-08-31T12:53:08","modified_gmt":"2026-08-31T09:53:08","slug":"checkeast-a-regional-model-for-cross-border-fact-checking","status":"publish","type":"page","link":"https:\/\/funky.ong\/en\/checkeast-a-regional-model-for-cross-border-fact-checking\/","title":{"rendered":"CheckEast"},"content":{"rendered":"<p><style>\r\n#page-title {\r\ndisplay:none;\r\n}\r\n.block-content {\r\npadding-top: 10;\r\n}\r\n<\/style><\/p>\n\n\n<div class=\"wp-block-image\">\n<figure class=\"aligncenter size-full\"><img width=\"2560\" height=\"914\" src=\"https:\/\/funky.ong\/wp-content\/uploads\/2026\/08\/funky-citizens-check-east-scaled.jpg\" alt=\"\" class=\"wp-image-31205\" srcset=\"https:\/\/funky.ong\/wp-content\/uploads\/2026\/08\/funky-citizens-check-east-scaled.jpg 2560w, https:\/\/funky.ong\/wp-content\/uploads\/2026\/08\/funky-citizens-check-east-300x107.jpg 300w, https:\/\/funky.ong\/wp-content\/uploads\/2026\/08\/funky-citizens-check-east-600x214.jpg 600w, https:\/\/funky.ong\/wp-content\/uploads\/2026\/08\/funky-citizens-check-east-768x274.jpg 768w, https:\/\/funky.ong\/wp-content\/uploads\/2026\/08\/funky-citizens-check-east-1536x549.jpg 1536w, https:\/\/funky.ong\/wp-content\/uploads\/2026\/08\/funky-citizens-check-east-2048x731.jpg 2048w, https:\/\/funky.ong\/wp-content\/uploads\/2026\/08\/funky-citizens-check-east-18x6.jpg 18w\" sizes=\"(max-width: 2560px) 100vw, 2560px\" \/><\/figure>\n<\/div>\n\n\n<div class=\"wp-block-spacer\" aria-hidden=\"true\">\u00a0<\/div>\n\n\n\n<div class=\"wp-block-buttons is-content-justification-center is-layout-flex wp-container-core-buttons-is-layout-fe48e5de wp-block-buttons-is-layout-flex\">\n<div class=\"wp-block-button\"><a class=\"wp-block-button__link has-background wp-element-button\" style=\"background-color:#3565c4\"><strong>august 2026 &#8211; august 2027<\/strong><\/a><\/div>\n<\/div>\n\n\n\n<h2 class=\"wp-block-heading has-text-color has-link-color wp-elements-bb94d726d2fa7ac4368ba5e3e57a21ad\" style=\"color:#3565c4\"><strong>Ce este CheckEast?&nbsp;<\/strong><\/h2>\n\n\n\n<div class=\"wp-block-columns are-vertically-aligned-top is-layout-flex wp-container-core-columns-is-layout-8f761849 wp-block-columns-is-layout-flex\">\n<div class=\"wp-block-column is-vertically-aligned-top is-layout-flow wp-block-column-is-layout-flow\">\n<p class=\"wp-block-paragraph\"><strong>CheckEast<\/strong> este un proiect regional de fact-checking care reune\u0219te 3 organiza\u021bii din Rom\u00e2nia \u0219i Republica Moldova pentru a r\u0103spunde la dou\u0103 nevoi concrete: lipsa unei acoperiri constante de fact-checking pentru comunit\u0103\u021bile maghiarofone din Rom\u00e2nia \u0219i necesitatea de a consolida capacitatea emergent\u0103 de fact-checking din Republica Moldova.&nbsp;&nbsp;<\/p>\n\n\n\n<p class=\"wp-block-paragraph\">Dincolo de produc\u021bia editorial\u0103, CheckEast urm\u0103re\u0219te s\u0103 construiasc\u0103 un model func\u021bional de cooperare transfrontalier\u0103 care s\u0103 poat\u0103 fi replicat \u00een alte zone geografice cu dinamici similare. Protocolul editorial dezvoltat \u00eempreun\u0103 de cei trei parteneri, care arat\u0103 cum semnalele de dezinformare dintr-un spa\u021biu informa\u021bional declan\u0219eaz\u0103 ac\u021biuni editoriale \u00een altul, va fi documentat \u0219i partajat cu re\u021belele EFCSN, EDMO \u0219i IFCN, pentru a putea fi adaptat de alte organiza\u021bii de fact-checking care opereaz\u0103 la frontierele informa\u021bionale ale Europei.<\/p>\n<\/div>\n\n\n\n<div class=\"wp-block-column is-vertically-aligned-top is-layout-flow wp-block-column-is-layout-flow\">\n<p class=\"wp-block-paragraph\"><strong>Misiunea proiectului&nbsp;<\/strong><\/p>\n\n\n\n<p class=\"has-text-align-left wp-block-paragraph\"><strong>Misiunea CheckEast <\/strong>este de a construi un model replicabil de cooperare editorial\u0103 transfrontalier\u0103, care s\u0103 permit\u0103 verificarea mai rapid\u0103 \u0219i mai precis\u0103 a nara\u021biunilor \u00een limbile \u0219i zonele geografice \u00een care acestea apar, \u00eenainte de a se extinde la scar\u0103. &nbsp;<\/p>\n\n\n\n<p class=\"wp-block-paragraph\">Proiectul combin\u0103 produc\u021bia editorial\u0103 direct\u0103 cu transferul de cuno\u0219tin\u021be, contribuind at\u00e2t la rezultate imediate de fact-checking, c\u00e2t \u0219i la rezilien\u021ba pe termen lung a ecosistemului regional.<\/p>\n<\/div>\n<\/div>\n\n\n\n<p class=\"has-text-align-left has-drop-cap has-white-color has-text-color has-background has-link-color wp-elements-43a982faf3ff07349b1020f97c31505e wp-block-paragraph\" style=\"background-color:#3565c4;font-style:normal;font-weight:200;text-decoration:none\"><strong><strong>De ce acum?<\/strong> <\/strong><br><br><strong>Ciclurile electorale din 2024\u20132025 au produs dovezi directe despre cum c\u0103l\u0103toresc nara\u021biunile din \u021b\u0103rile candidate spre UE. Alegerile parlamentare din Ungaria din 2026 genereaz\u0103 deja efecte de propagare \u00een spa\u021biile informa\u021bionale rom\u00e2ne\u0219ti, iar Moldova continu\u0103 ciclul s\u0103u electoral. Rom\u00e2nia urmeaz\u0103 s\u0103 reia alegerile preziden\u021biale.<\/strong><\/p>\n\n\n\n<hr class=\"wp-block-separator has-text-color has-vivid-cyan-blue-color has-alpha-channel-opacity has-vivid-cyan-blue-background-color has-background is-style-dots\"\/>\n\n\n\n<div class=\"wp-block-columns is-layout-flex wp-container-core-columns-is-layout-8f761849 wp-block-columns-is-layout-flex\">\n<div class=\"wp-block-column is-layout-flow wp-block-column-is-layout-flow\">\n<h2 class=\"wp-block-heading has-text-color has-link-color wp-elements-166104c2f68152afbc7d380644952128\" style=\"color:#3565c4\"><strong>Cui se adreseaz\u0103 CheckEast?<\/strong><\/h2>\n<\/div>\n\n\n\n<div class=\"wp-block-column is-layout-flow wp-block-column-is-layout-flow\">\n<p class=\"wp-block-paragraph\">&nbsp;<\/p>\n\n\n\n<p class=\"wp-block-paragraph\"><strong>CheckEast se adreseaz\u0103:&nbsp;<\/strong><\/p>\n\n\n\n<ul class=\"wp-block-list\">\n<li><strong>Partenerilor EFCSN \u0219i EDMO<\/strong>, prin publicarea unui protocol replicabil de monitorizare editorial\u0103 transfrontalier\u0103.<\/li>\n\n\n\n<li><strong>Comunit\u0103\u021bilor maghiarofone din Rom\u00e2nia<\/strong> (\u00een special din Transilvania), care nu beneficiaz\u0103 \u00een prezent de fact-checking dedicat \u00een limba lor. &nbsp;<\/li>\n\n\n\n<li><strong>Publicului din Rom\u00e2nia \u0219i Republica Moldova<\/strong>, prin extinderea acoperirii editoriale \u00een spa\u021bii informa\u021bionale cu risc ridicat de dezinformare. &nbsp;<\/li>\n\n\n\n<li><strong>Cet\u0103\u021benilor moldoveni \u0219i maghiari care voteaz\u0103 \u00een alegerile rom\u00e2ne\u0219ti<\/strong>, expu\u0219i unor fluxuri suprapuse de dezinformare din surse multiple. &nbsp;<\/li>\n<\/ul>\n<\/div>\n<\/div>\n\n\n\n<hr class=\"wp-block-separator has-css-opacity has-text-color has-alpha-channel-opacity has-background is-style-dots\"\/>\n\n\n\n<div class=\"wp-block-columns is-layout-flex wp-container-core-columns-is-layout-8f761849 wp-block-columns-is-layout-flex\">\n<div class=\"wp-block-column is-layout-flow wp-block-column-is-layout-flow\">\n<h2 class=\"wp-block-heading has-text-color has-link-color wp-elements-c8db0bd9cfd6a4e15b720d873cace284\" style=\"color:#3565c4\"><strong>Ce activit\u0103\u021bi concrete sunt incluse \u00een proiect?<\/strong><\/h2>\n<\/div>\n\n\n\n<div class=\"wp-block-column is-layout-flow wp-block-column-is-layout-flow\">\n<p class=\"wp-block-paragraph\">&nbsp;<\/p>\n\n\n\n<p class=\"wp-block-paragraph\">CheckEast este structurat \u00een dou\u0103 componente complementare: &nbsp;<\/p>\n\n\n\n<ol class=\"wp-block-list\">\n<li><strong>Componenta 1: Colaborare editorial\u0103 interlingvistic\u0103<\/strong> &nbsp;<\/li>\n<\/ol>\n\n\n\n<p class=\"wp-block-paragraph\"><strong>Funky Citizens \u0219i \u00c1tl\u00e1tsz\u00f3 Erd\u00e9ly<\/strong> colaboreaz\u0103 pentru a produce materiale de fact-checking centrate pe nara\u021biunile care circul\u0103 \u00een comunit\u0103\u021bile maghiare din Rom\u00e2nia, publicate \u00een maghiar\u0103 \u0219i adaptate \u00een rom\u00e2n\u0103. &nbsp;<\/p>\n\n\n\n<ol start=\"2\" class=\"wp-block-list\">\n<li><strong>Componenta 2: Consolidarea capacit\u0103\u021bii de fact-checking \u00een Moldova<\/strong> &nbsp;<\/li>\n<\/ol>\n\n\n\n<p class=\"wp-block-paragraph\"><strong>Funky Citizens<\/strong> ofer\u0103 mentorat structurat pentru <strong>CuSens<\/strong>, sprijinind dezvoltarea proceselor editoriale, a standardelor organiza\u021bionale \u0219i alinierea la cerin\u021bele de certificare EFCSN.&nbsp;&nbsp;<\/p>\n<\/div>\n<\/div>\n\n\n\n<hr class=\"wp-block-separator has-css-opacity has-text-color has-alpha-channel-opacity has-background is-style-dots\"\/>\n\n\n\n<div class=\"wp-block-columns is-layout-flex wp-container-core-columns-is-layout-8f761849 wp-block-columns-is-layout-flex\">\n<div class=\"wp-block-column is-layout-flow wp-block-column-is-layout-flow\">\n<h2 class=\"wp-block-heading has-text-color has-link-color wp-elements-5e0ce59d01e872cf738e775d87216089\" style=\"color:#3565c4\"><strong>Rolul Funky Citizens \u00een CheckEast<\/strong><\/h2>\n<\/div>\n\n\n\n<div class=\"wp-block-column is-layout-flow wp-block-column-is-layout-flow\">\n<p class=\"wp-block-paragraph\"><strong>Funky Citizens este coordonatorul proiectului \u0219i contribuie cu experien\u021ba acumulat\u0103 \u00een 14 ani de activitate \u00een fact-checking, monitorizare electoral\u0103 \u0219i construirea de ini\u021biative civice sustenabile \u00een regiune.&nbsp;<\/strong><\/p>\n\n\n\n<p class=\"wp-block-paragraph\"><strong>Rolul Funky Citizens include:&nbsp;<\/strong><\/p>\n\n\n\n<ul class=\"wp-block-list\">\n<li><strong>Producerea a<\/strong> <strong>300 de fact-checks \u00een rom\u00e2n\u0103<\/strong> pe durata proiectului, acoperind nara\u021biunile transfrontaliere relevante pentru publicul din Rom\u00e2nia \u0219i Moldova, cu o audien\u021b\u0103 \u021bint\u0103 de cel pu\u021bin <strong>500.000 de utilizatori<\/strong>.&nbsp;<\/li>\n\n\n\n<li>Coordonarea unui program structurat de mentorat pentru organiza\u021bia CuSens din Moldova, const\u00e2nd \u00een <strong>10 sesiuni<\/strong> (4 fa\u021b\u0103 \u00een fa\u021b\u0103 \u0219i 6 online). Sesiunile acoper\u0103 procese editoriale, metodologii de verificare \u0219i dezvoltare organiza\u021bional\u0103, cu obiectivul de a pozi\u021biona CuSens pentru <strong>aderarea la re\u021beaua EFCSN p\u00e2n\u0103 la finalul celor 12 luni<\/strong>.&nbsp;<\/li>\n\n\n\n<li><strong>Dezvoltarea a<\/strong> <strong>3 resurse interne de consolidare a capacit\u0103\u021bii:<\/strong> ghiduri editoriale, fluxuri de verificare \u0219i instrumente organiza\u021bionale \u0219i documentarea unui <strong>protocol replicabil de fact-checking transfrontalier<\/strong>, partajat ulterior cu re\u021belele EFCSN, EDMO \u0219i IFCN ca model pentru organiza\u021bii care opereaz\u0103 \u00een zone geopolitice similare din Europa Central\u0103 \u0219i de Est.&nbsp;<\/li>\n\n\n\n<li><strong>Publicarea unui<\/strong> <strong>raport despre fluxurile de nara\u021biuni transfrontaliere<\/strong> din \u021b\u0103rile candidate spre UE, distribuit \u00een re\u021belele EFCSN, EDMO \u0219i IFCN.<\/li>\n<\/ul>\n<\/div>\n<\/div>\n\n\n\n<hr class=\"wp-block-separator has-css-opacity has-text-color has-alpha-channel-opacity has-background is-style-dots\"\/>\n\n\n\n<div class=\"wp-block-columns is-layout-flex wp-container-core-columns-is-layout-8f761849 wp-block-columns-is-layout-flex\">\n<div class=\"wp-block-column is-layout-flow wp-block-column-is-layout-flow\">\n<h2 class=\"wp-block-heading has-text-color has-link-color wp-elements-e4c6434654a37f68d04bbe8a8b0d3aa2\" style=\"color:#3565c4\"><strong>Goals<\/strong><\/h2>\n<\/div>\n\n\n\n<div class=\"wp-block-column is-layout-flow wp-block-column-is-layout-flow\">\n<ul class=\"wp-block-list\">\n<li>Extinderea acoperirii de fact-checking \u00een maghiar\u0103 pentru comunit\u0103\u021bile din Transilvania. &nbsp;<\/li>\n\n\n\n<li>Consolidarea capacit\u0103\u021bii editoriale \u0219i organiza\u021bionale a CuSens din Moldova, cu obiectivul ader\u0103rii la re\u021beaua EFCSN p\u00e2n\u0103 la finalul proiectului. &nbsp;<\/li>\n\n\n\n<li>Construirea unui model func\u021bional de cooperare editorial\u0103 transfrontalier\u0103, replicabil \u00een alte zone geografice cu dinamici similare. Documentarea \u0219i partajarea acestei metodologii cu partenerii EFCSN, EDMO \u0219i IFCN. &nbsp;<\/li>\n\n\n\n<li>Producerea de dovezi despre modul \u00een care nara\u021biunile de dezinformare c\u0103l\u0103toresc din \u021b\u0103rile candidate spre UE \u0219i cum pot fi detectate mai devreme. &nbsp;<\/li>\n\n\n\n<li>\u00cent\u0103rirea rezilien\u021bei informa\u021bionale a comunit\u0103\u021bilor expuse la fluxuri suprapuse de dezinformare (\u00een mai multe limbi \u0219i din surse multiple).<\/li>\n<\/ul>\n<\/div>\n<\/div>\n\n\n\n<hr class=\"wp-block-separator has-css-opacity has-text-color has-alpha-channel-opacity has-background\"\/>\n\n\n\n<div class=\"wp-block-columns is-layout-flex wp-container-core-columns-is-layout-8f761849 wp-block-columns-is-layout-flex\">\n<div class=\"wp-block-column is-layout-flow wp-block-column-is-layout-flow\">\n<h2 class=\"wp-block-heading has-text-color has-link-color wp-elements-107e8345973682ef339bc8e54d61ac82\" style=\"color:#3565c4\"><strong>Budget and partners<\/strong><\/h2>\n\n\n\n<p class=\"wp-block-paragraph\">Proiectul CheckEast este finan\u021bat prin programul EFCSN Expansion Grants al European Fact-Checking Standards Network (EFCSN).<\/p>\n\n\n\n<p class=\"wp-block-paragraph\">Ini\u021biativa are un buget total de 129.890 EUR, din care 64.945 EUR vor fi finan\u021ba\u021bi de Comisia European\u0103, prin Programul EFCSN Expansion Grants al European Fact-Checking Standards Network (EFCSN), reprezent\u00e2nd o rat\u0103 de cofinan\u021bare de 50%.&nbsp;&nbsp;<\/p>\n<\/div>\n\n\n\n<div class=\"wp-block-column is-layout-flow wp-block-column-is-layout-flow\">\n<p class=\"wp-block-paragraph\">&nbsp;<\/p>\n\n\n\n<p class=\"wp-block-paragraph\">Parteneri principali:&nbsp;<\/p>\n\n\n\n<ul class=\"wp-block-list\">\n<li><a href=\"https:\/\/atlatszo.ro\/ro\/despre-noi\/\" target=\"_blank\" rel=\"noreferrer noopener\">\u00c1tl\u00e1tsz\u00f3 Erd\u00e9ly<\/a>&nbsp;<\/li>\n\n\n\n<li><a href=\"https:\/\/cusens.md\/ro\/despre-noi\/\" target=\"_blank\" rel=\"noreferrer noopener\">CuSens Moldova<\/a> &nbsp;<\/li>\n\n\n\n<li>Funky Citizens &#8211; coordonator<\/li>\n<\/ul>\n<\/div>\n<\/div>\n\n\n\n<div class=\"wp-block-columns is-layout-flex wp-container-core-columns-is-layout-8f761849 wp-block-columns-is-layout-flex\">\n<div class=\"wp-block-column is-layout-flow wp-block-column-is-layout-flow\"><div class=\"wp-block-image\">\n<figure class=\"aligncenter size-full\"><img width=\"222\" height=\"162\" src=\"https:\/\/funky.ong\/wp-content\/uploads\/2026\/08\/image.png\" alt=\"\" class=\"wp-image-31203\" srcset=\"https:\/\/funky.ong\/wp-content\/uploads\/2026\/08\/image.png 222w, https:\/\/funky.ong\/wp-content\/uploads\/2026\/08\/image-16x12.png 16w\" sizes=\"(max-width: 222px) 100vw, 222px\" \/><\/figure>\n<\/div><\/div>\n\n\n\n<div class=\"wp-block-column is-layout-flow wp-block-column-is-layout-flow\"><div class=\"wp-block-image\">\n<figure class=\"aligncenter size-full\"><img width=\"519\" height=\"108\" src=\"https:\/\/funky.ong\/wp-content\/uploads\/2026\/07\/image-1.png\" alt=\"\" class=\"wp-image-22700\" srcset=\"https:\/\/funky.ong\/wp-content\/uploads\/2026\/07\/image-1.png 519w, https:\/\/funky.ong\/wp-content\/uploads\/2026\/07\/image-1-300x62.png 300w, https:\/\/funky.ong\/wp-content\/uploads\/2026\/07\/image-1-18x4.png 18w\" sizes=\"(max-width: 519px) 100vw, 519px\" \/><\/figure>\n<\/div><\/div>\n<\/div>\n\n\n\n<p class=\"wp-block-paragraph\">&nbsp;<\/p>","protected":false},"excerpt":{"rendered":"<p>\u00a0 Ce este CheckEast?&nbsp; CheckEast este un proiect regional de fact-checking care reune\u0219te 3 organiza\u021bii din Rom\u00e2nia \u0219i Republica Moldova pentru a r\u0103spunde la dou\u0103 nevoi concrete: lipsa unei acoperiri constante de fact-checking pentru comunit\u0103\u021bile maghiarofone din Rom\u00e2nia \u0219i necesitatea de a consolida capacitatea emergent\u0103 de fact-checking din Republica Moldova.&nbsp;&nbsp; Dincolo de produc\u021bia editorial\u0103, CheckEast urm\u0103re\u0219te s\u0103 construiasc\u0103 un model func\u021bional de cooperare transfrontalier\u0103 care s\u0103 poat\u0103 fi replicat \u00een alte zone geografice cu dinamici similare. Protocolul editorial dezvoltat \u00eempreun\u0103 de cei trei parteneri, care arat\u0103 cum semnalele de dezinformare dintr-un spa\u021biu informa\u021bional declan\u0219eaz\u0103 ac\u021biuni editoriale \u00een altul, va fi documentat \u0219i partajat cu re\u021belele EFCSN, EDMO \u0219i IFCN, pentru a putea fi adaptat de alte organiza\u021bii de fact-checking care opereaz\u0103 la frontierele informa\u021bionale ale Europei. Misiunea proiectului&nbsp; Misiunea&#8230;<\/p>","protected":false},"author":879144,"featured_media":31205,"parent":0,"menu_order":0,"comment_status":"closed","ping_status":"closed","template":"","meta":{"footnotes":""},"class_list":["post-31200","page","type-page","status-publish","has-post-thumbnail"],"yoast_head":"<!-- This site is optimized with the Yoast SEO plugin v28.2 - https:\/\/yoast.com\/product\/yoast-seo-wordpress\/ -->\n<title>CheckEast - Funky Citizens<\/title>\n<meta name=\"robots\" content=\"index, follow, max-snippet:-1, max-image-preview:large, max-video-preview:-1\" \/>\n<link rel=\"canonical\" href=\"https:\/\/funky.ong\/en\/checkeast-a-regional-model-for-cross-border-fact-checking\/\" \/>\n<meta property=\"og:locale\" content=\"en_GB\" \/>\n<meta property=\"og:type\" content=\"article\" \/>\n<meta property=\"og:title\" content=\"CheckEast - Funky Citizens\" \/>\n<meta property=\"og:description\" content=\"\u00a0 Ce este CheckEast?&nbsp; CheckEast este un proiect regional de fact-checking care reune\u0219te 3 organiza\u021bii din Rom\u00e2nia \u0219i Republica Moldova pentru a r\u0103spunde la dou\u0103 nevoi concrete: lipsa unei acoperiri constante de fact-checking pentru comunit\u0103\u021bile maghiarofone din Rom\u00e2nia \u0219i necesitatea de a consolida capacitatea emergent\u0103 de fact-checking din Republica Moldova.&nbsp;&nbsp; Dincolo de produc\u021bia editorial\u0103, CheckEast urm\u0103re\u0219te s\u0103 construiasc\u0103 un model func\u021bional de cooperare transfrontalier\u0103 care s\u0103 poat\u0103 fi replicat \u00een alte zone geografice cu dinamici similare. Protocolul editorial dezvoltat \u00eempreun\u0103 de cei trei parteneri, care arat\u0103 cum semnalele de dezinformare dintr-un spa\u021biu informa\u021bional declan\u0219eaz\u0103 ac\u021biuni editoriale \u00een altul, va fi documentat \u0219i partajat cu re\u021belele EFCSN, EDMO \u0219i IFCN, pentru a putea fi adaptat de alte organiza\u021bii de fact-checking care opereaz\u0103 la frontierele informa\u021bionale ale Europei. Misiunea proiectului&nbsp; Misiunea...\" \/>\n<meta property=\"og:url\" content=\"https:\/\/funky.ong\/en\/checkeast-a-regional-model-for-cross-border-fact-checking\/\" \/>\n<meta property=\"og:site_name\" content=\"Funky Citizens\" \/>\n<meta property=\"article:modified_time\" content=\"2026-08-31T09:53:08+00:00\" \/>\n<meta property=\"og:image\" content=\"https:\/\/funky.ong\/wp-content\/uploads\/2026\/08\/funky-citizens-check-east-scaled.jpg\" \/>\n\t<meta property=\"og:image:width\" content=\"2560\" \/>\n\t<meta property=\"og:image:height\" content=\"914\" \/>\n\t<meta property=\"og:image:type\" content=\"image\/jpeg\" \/>\n<meta name=\"twitter:card\" content=\"summary_large_image\" \/>\n<meta name=\"twitter:label1\" content=\"Estimated reading time\" \/>\n\t<meta name=\"twitter:data1\" content=\"5 minutes\" \/>\n<script type=\"application\/ld+json\" class=\"yoast-schema-graph\">{\"@context\":\"https:\\\/\\\/schema.org\",\"@graph\":[{\"@type\":\"WebPage\",\"@id\":\"https:\\\/\\\/funky.ong\\\/checkeast-a-regional-model-for-cross-border-fact-checking\\\/\",\"url\":\"https:\\\/\\\/funky.ong\\\/checkeast-a-regional-model-for-cross-border-fact-checking\\\/\",\"name\":\"CheckEast - Funky Citizens\",\"isPartOf\":{\"@id\":\"https:\\\/\\\/funky.ong\\\/#website\"},\"primaryImageOfPage\":{\"@id\":\"https:\\\/\\\/funky.ong\\\/checkeast-a-regional-model-for-cross-border-fact-checking\\\/#primaryimage\"},\"image\":{\"@id\":\"https:\\\/\\\/funky.ong\\\/checkeast-a-regional-model-for-cross-border-fact-checking\\\/#primaryimage\"},\"thumbnailUrl\":\"https:\\\/\\\/funky.ong\\\/wp-content\\\/uploads\\\/2026\\\/08\\\/funky-citizens-check-east-scaled.jpg\",\"datePublished\":\"2026-08-31T09:40:43+00:00\",\"dateModified\":\"2026-08-31T09:53:08+00:00\",\"breadcrumb\":{\"@id\":\"https:\\\/\\\/funky.ong\\\/checkeast-a-regional-model-for-cross-border-fact-checking\\\/#breadcrumb\"},\"inLanguage\":\"en-GB\",\"potentialAction\":[{\"@type\":\"ReadAction\",\"target\":[\"https:\\\/\\\/funky.ong\\\/checkeast-a-regional-model-for-cross-border-fact-checking\\\/\"]}]},{\"@type\":\"ImageObject\",\"inLanguage\":\"en-GB\",\"@id\":\"https:\\\/\\\/funky.ong\\\/checkeast-a-regional-model-for-cross-border-fact-checking\\\/#primaryimage\",\"url\":\"https:\\\/\\\/funky.ong\\\/wp-content\\\/uploads\\\/2026\\\/08\\\/funky-citizens-check-east-scaled.jpg\",\"contentUrl\":\"https:\\\/\\\/funky.ong\\\/wp-content\\\/uploads\\\/2026\\\/08\\\/funky-citizens-check-east-scaled.jpg\",\"width\":2560,\"height\":914},{\"@type\":\"BreadcrumbList\",\"@id\":\"https:\\\/\\\/funky.ong\\\/checkeast-a-regional-model-for-cross-border-fact-checking\\\/#breadcrumb\",\"itemListElement\":[{\"@type\":\"ListItem\",\"position\":1,\"name\":\"Home\",\"item\":\"https:\\\/\\\/funky.ong\\\/\"},{\"@type\":\"ListItem\",\"position\":2,\"name\":\"CheckEast\"}]},{\"@type\":\"WebSite\",\"@id\":\"https:\\\/\\\/funky.ong\\\/#website\",\"url\":\"https:\\\/\\\/funky.ong\\\/\",\"name\":\"Funky Citizens\",\"description\":\"lupt\u0103m cu apatia civic\u0103\",\"potentialAction\":[{\"@type\":\"SearchAction\",\"target\":{\"@type\":\"EntryPoint\",\"urlTemplate\":\"https:\\\/\\\/funky.ong\\\/?s={search_term_string}\"},\"query-input\":{\"@type\":\"PropertyValueSpecification\",\"valueRequired\":true,\"valueName\":\"search_term_string\"}}],\"inLanguage\":\"en-GB\"}]}<\/script>\n<!-- \/ Yoast SEO plugin. -->","yoast_head_json":{"title":"CheckEast - Funky Citizens","robots":{"index":"index","follow":"follow","max-snippet":"max-snippet:-1","max-image-preview":"max-image-preview:large","max-video-preview":"max-video-preview:-1"},"canonical":"https:\/\/funky.ong\/en\/checkeast-a-regional-model-for-cross-border-fact-checking\/","og_locale":"en_GB","og_type":"article","og_title":"CheckEast - Funky Citizens","og_description":"\u00a0 Ce este CheckEast?&nbsp; CheckEast este un proiect regional de fact-checking care reune\u0219te 3 organiza\u021bii din Rom\u00e2nia \u0219i Republica Moldova pentru a r\u0103spunde la dou\u0103 nevoi concrete: lipsa unei acoperiri constante de fact-checking pentru comunit\u0103\u021bile maghiarofone din Rom\u00e2nia \u0219i necesitatea de a consolida capacitatea emergent\u0103 de fact-checking din Republica Moldova.&nbsp;&nbsp; Dincolo de produc\u021bia editorial\u0103, CheckEast urm\u0103re\u0219te s\u0103 construiasc\u0103 un model func\u021bional de cooperare transfrontalier\u0103 care s\u0103 poat\u0103 fi replicat \u00een alte zone geografice cu dinamici similare. Protocolul editorial dezvoltat \u00eempreun\u0103 de cei trei parteneri, care arat\u0103 cum semnalele de dezinformare dintr-un spa\u021biu informa\u021bional declan\u0219eaz\u0103 ac\u021biuni editoriale \u00een altul, va fi documentat \u0219i partajat cu re\u021belele EFCSN, EDMO \u0219i IFCN, pentru a putea fi adaptat de alte organiza\u021bii de fact-checking care opereaz\u0103 la frontierele informa\u021bionale ale Europei. Misiunea proiectului&nbsp; Misiunea...","og_url":"https:\/\/funky.ong\/en\/checkeast-a-regional-model-for-cross-border-fact-checking\/","og_site_name":"Funky Citizens","article_modified_time":"2026-08-31T09:53:08+00:00","og_image":[{"width":2560,"height":914,"url":"https:\/\/funky.ong\/wp-content\/uploads\/2026\/08\/funky-citizens-check-east-scaled.jpg","type":"image\/jpeg"}],"twitter_card":"summary_large_image","twitter_misc":{"Estimated reading time":"5 minutes"},"schema":{"@context":"https:\/\/schema.org","@graph":[{"@type":"WebPage","@id":"https:\/\/funky.ong\/checkeast-a-regional-model-for-cross-border-fact-checking\/","url":"https:\/\/funky.ong\/checkeast-a-regional-model-for-cross-border-fact-checking\/","name":"CheckEast - Funky Citizens","isPartOf":{"@id":"https:\/\/funky.ong\/#website"},"primaryImageOfPage":{"@id":"https:\/\/funky.ong\/checkeast-a-regional-model-for-cross-border-fact-checking\/#primaryimage"},"image":{"@id":"https:\/\/funky.ong\/checkeast-a-regional-model-for-cross-border-fact-checking\/#primaryimage"},"thumbnailUrl":"https:\/\/funky.ong\/wp-content\/uploads\/2026\/08\/funky-citizens-check-east-scaled.jpg","datePublished":"2026-08-31T09:40:43+00:00","dateModified":"2026-08-31T09:53:08+00:00","breadcrumb":{"@id":"https:\/\/funky.ong\/checkeast-a-regional-model-for-cross-border-fact-checking\/#breadcrumb"},"inLanguage":"en-GB","potentialAction":[{"@type":"ReadAction","target":["https:\/\/funky.ong\/checkeast-a-regional-model-for-cross-border-fact-checking\/"]}]},{"@type":"ImageObject","inLanguage":"en-GB","@id":"https:\/\/funky.ong\/checkeast-a-regional-model-for-cross-border-fact-checking\/#primaryimage","url":"https:\/\/funky.ong\/wp-content\/uploads\/2026\/08\/funky-citizens-check-east-scaled.jpg","contentUrl":"https:\/\/funky.ong\/wp-content\/uploads\/2026\/08\/funky-citizens-check-east-scaled.jpg","width":2560,"height":914},{"@type":"BreadcrumbList","@id":"https:\/\/funky.ong\/checkeast-a-regional-model-for-cross-border-fact-checking\/#breadcrumb","itemListElement":[{"@type":"ListItem","position":1,"name":"Home","item":"https:\/\/funky.ong\/"},{"@type":"ListItem","position":2,"name":"CheckEast"}]},{"@type":"WebSite","@id":"https:\/\/funky.ong\/#website","url":"https:\/\/funky.ong\/","name":"Funky Citizens","description":"lupt\u0103m cu apatia civic\u0103","potentialAction":[{"@type":"SearchAction","target":{"@type":"EntryPoint","urlTemplate":"https:\/\/funky.ong\/?s={search_term_string}"},"query-input":{"@type":"PropertyValueSpecification","valueRequired":true,"valueName":"search_term_string"}}],"inLanguage":"en-GB"}]}},"_links":{"self":[{"href":"https:\/\/funky.ong\/en\/wp-json\/wp\/v2\/pages\/31200","targetHints":{"allow":["GET"]}}],"collection":[{"href":"https:\/\/funky.ong\/en\/wp-json\/wp\/v2\/pages"}],"about":[{"href":"https:\/\/funky.ong\/en\/wp-json\/wp\/v2\/types\/page"}],"author":[{"embeddable":true,"href":"https:\/\/funky.ong\/en\/wp-json\/wp\/v2\/users\/879144"}],"replies":[{"embeddable":true,"href":"https:\/\/funky.ong\/en\/wp-json\/wp\/v2\/comments?post=31200"}],"version-history":[{"count":9,"href":"https:\/\/funky.ong\/en\/wp-json\/wp\/v2\/pages\/31200\/revisions"}],"predecessor-version":[{"id":31218,"href":"https:\/\/funky.ong\/en\/wp-json\/wp\/v2\/pages\/31200\/revisions\/31218"}],"wp:featuredmedia":[{"embeddable":true,"href":"https:\/\/funky.ong\/en\/wp-json\/wp\/v2\/media\/31205"}],"wp:attachment":[{"href":"https:\/\/funky.ong\/en\/wp-json\/wp\/v2\/media?parent=31200"}],"curies":[{"name":"wp","href":"https:\/\/api.w.org\/{rel}","templated":true}]}}